{"version":"1.0","provider_name":"Freiwillige Feuerwehr Strengen am Arlberg","provider_url":"https:\/\/ff-strengen.at\/wp","author_name":"Daniel Prie\u00dfnegger","author_url":"https:\/\/ff-strengen.at\/wp\/author\/prieda\/","title":"Abschnitts\u00fcbung in Pettneu - Freiwillige Feuerwehr Strengen am Arlberg","type":"rich","width":600,"height":338,"html":"<blockquote class=\"wp-embedded-content\" data-secret=\"3YOj4b18oL\"><a href=\"https:\/\/ff-strengen.at\/wp\/abschnittsuebung-in-pettneu\/\">Abschnitts\u00fcbung in Pettneu<\/a><\/blockquote><iframe sandbox=\"allow-scripts\" security=\"restricted\" src=\"https:\/\/ff-strengen.at\/wp\/abschnittsuebung-in-pettneu\/embed\/#?secret=3YOj4b18oL\" width=\"600\" height=\"338\" title=\"&#8222;Abschnitts\u00fcbung in Pettneu&#8220; &#8211; Freiwillige Feuerwehr Strengen am Arlberg\" data-secret=\"3YOj4b18oL\" frameborder=\"0\" marginwidth=\"0\" marginheight=\"0\" scrolling=\"no\" class=\"wp-embedded-content\"><\/iframe><script type=\"text\/javascript\">\n\/* <![CDATA[ *\/\n\/*! This file is auto-generated *\/\n!function(d,l){\"use strict\";l.querySelector&&d.addEventListener&&\"undefined\"!=typeof URL&&(d.wp=d.wp||{},d.wp.receiveEmbedMessage||(d.wp.receiveEmbedMessage=function(e){var t=e.data;if((t||t.secret||t.message||t.value)&&!\/[^a-zA-Z0-9]\/.test(t.secret)){for(var s,r,n,a=l.querySelectorAll('iframe[data-secret=\"'+t.secret+'\"]'),o=l.querySelectorAll('blockquote[data-secret=\"'+t.secret+'\"]'),c=new RegExp(\"^https?:$\",\"i\"),i=0;i<o.length;i++)o[i].style.display=\"none\";for(i=0;i<a.length;i++)s=a[i],e.source===s.contentWindow&&(s.removeAttribute(\"style\"),\"height\"===t.message?(1e3<(r=parseInt(t.value,10))?r=1e3:~~r<200&&(r=200),s.height=r):\"link\"===t.message&&(r=new URL(s.getAttribute(\"src\")),n=new URL(t.value),c.test(n.protocol))&&n.host===r.host&&l.activeElement===s&&(d.top.location.href=t.value))}},d.addEventListener(\"message\",d.wp.receiveEmbedMessage,!1),l.addEventListener(\"DOMContentLoaded\",function(){for(var e,t,s=l.querySelectorAll(\"iframe.wp-embedded-content\"),r=0;r<s.length;r++)(t=(e=s[r]).getAttribute(\"data-secret\"))||(t=Math.random().toString(36).substring(2,12),e.src+=\"#?secret=\"+t,e.setAttribute(\"data-secret\",t)),e.contentWindow.postMessage({message:\"ready\",secret:t},\"*\")},!1)))}(window,document);\n\/\/# sourceURL=https:\/\/ff-strengen.at\/wp\/wp-includes\/js\/wp-embed.min.js\n\/* ]]> *\/\n<\/script>\n","thumbnail_url":"https:\/\/ff-strengen.at\/wp\/wp-content\/uploads\/2023\/05\/04_ti.jpg","thumbnail_width":1534,"thumbnail_height":1151,"description":"Am Montag, den 8. Mai 2023 fand in Pettneu die Abschnitts\u00fcbung des Abschnittes Stanzertal statt.\u00dcbungsannahme war ein Brand eines Wirtschaftsgeb\u00e4udes mit angrenzendem Wohnhaus im Ortsteil Vadiesen. Die Aufgabe der FF Strengen war es im Relaisleitungsbetrieb zusammen mit der FF Pettneu L\u00f6schwasser von der Rosanna zum Brandobjekt zu f\u00f6rdern. Vielen dank an die FF Pettneu f\u00fcr [&hellip;]"}