{"version":"1.0","provider_name":"Freiwillige Feuerwehr Strengen am Arlberg","provider_url":"https:\/\/ff-strengen.at\/wp","author_name":"Simon Mark","author_url":"https:\/\/ff-strengen.at\/wp\/author\/masi78\/","title":"Vegetationsbrand\u00fcbung in St. Anton - Freiwillige Feuerwehr Strengen am Arlberg","type":"rich","width":600,"height":338,"html":"<blockquote class=\"wp-embedded-content\" data-secret=\"KylKtBpc4g\"><a href=\"https:\/\/ff-strengen.at\/wp\/vegetationsbranduebung-in-st-anton\/\">Vegetationsbrand\u00fcbung in St. Anton<\/a><\/blockquote><iframe sandbox=\"allow-scripts\" security=\"restricted\" src=\"https:\/\/ff-strengen.at\/wp\/vegetationsbranduebung-in-st-anton\/embed\/#?secret=KylKtBpc4g\" width=\"600\" height=\"338\" title=\"&#8222;Vegetationsbrand\u00fcbung in St. Anton&#8220; &#8211; Freiwillige Feuerwehr Strengen am Arlberg\" data-secret=\"KylKtBpc4g\" frameborder=\"0\" marginwidth=\"0\" marginheight=\"0\" scrolling=\"no\" class=\"wp-embedded-content\"><\/iframe><script type=\"text\/javascript\">\n\/* <![CDATA[ *\/\n\/*! This file is auto-generated *\/\n!function(d,l){\"use strict\";l.querySelector&&d.addEventListener&&\"undefined\"!=typeof URL&&(d.wp=d.wp||{},d.wp.receiveEmbedMessage||(d.wp.receiveEmbedMessage=function(e){var t=e.data;if((t||t.secret||t.message||t.value)&&!\/[^a-zA-Z0-9]\/.test(t.secret)){for(var s,r,n,a=l.querySelectorAll('iframe[data-secret=\"'+t.secret+'\"]'),o=l.querySelectorAll('blockquote[data-secret=\"'+t.secret+'\"]'),c=new RegExp(\"^https?:$\",\"i\"),i=0;i<o.length;i++)o[i].style.display=\"none\";for(i=0;i<a.length;i++)s=a[i],e.source===s.contentWindow&&(s.removeAttribute(\"style\"),\"height\"===t.message?(1e3<(r=parseInt(t.value,10))?r=1e3:~~r<200&&(r=200),s.height=r):\"link\"===t.message&&(r=new URL(s.getAttribute(\"src\")),n=new URL(t.value),c.test(n.protocol))&&n.host===r.host&&l.activeElement===s&&(d.top.location.href=t.value))}},d.addEventListener(\"message\",d.wp.receiveEmbedMessage,!1),l.addEventListener(\"DOMContentLoaded\",function(){for(var e,t,s=l.querySelectorAll(\"iframe.wp-embedded-content\"),r=0;r<s.length;r++)(t=(e=s[r]).getAttribute(\"data-secret\"))||(t=Math.random().toString(36).substring(2,12),e.src+=\"#?secret=\"+t,e.setAttribute(\"data-secret\",t)),e.contentWindow.postMessage({message:\"ready\",secret:t},\"*\")},!1)))}(window,document);\n\/\/# sourceURL=https:\/\/ff-strengen.at\/wp\/wp-includes\/js\/wp-embed.min.js\n\/* ]]> *\/\n<\/script>\n","thumbnail_url":"http:\/\/ff-strengen.at\/wp\/wp-content\/uploads\/2025\/08\/20250830-133636_MaSi-scaled.jpg","thumbnail_width":2560,"thumbnail_height":1707,"description":"Am Samstag, den 30. August 2025 fand ein \u00dcbungstag zum Thema Vegetationsbr\u00e4nde\u00a0 in St. Anton statt. An der \u00dcbung haben die Feuerwehren des Abschnitt Stanzertal, die Flughelfer sowie ein Polizeihubschrauber teilgenommen. Der \u00dcbungstag begann mit einer theoretischen Einf\u00fchrung zu den Vegetationsbr\u00e4nden.Nach der Anfahrt in den Bereich &#8222;Vorderrendl&#8220;, auf \u00fcber 2.000 m Seeh\u00f6he, folgte eine Einweisung [&hellip;]"}